{"version":"1.0","provider_name":"ABD-BVD","provider_url":"https:\/\/www.abd-bvd.be\/fr\/","title":"Novembre 2016 - Le d\u00e9p\u00f4t l\u00e9gal de la KBR : un instrument pour la valorisation et la conservation de l\u2019\u00e9dition belge - ABD-BVD","type":"rich","width":600,"height":338,"html":"<blockquote class=\"wp-embedded-content\" data-secret=\"L6lcVlwnNI\"><a href=\"https:\/\/www.abd-bvd.be\/fr\/doc-moments\/novembre-2016\/\">Novembre 2016 &#8211; Le d\u00e9p\u00f4t l\u00e9gal de la KBR : un instrument pour la valorisation et la conservation de l\u2019\u00e9dition belge<\/a><\/blockquote><iframe sandbox=\"allow-scripts\" security=\"restricted\" src=\"https:\/\/www.abd-bvd.be\/fr\/doc-moments\/novembre-2016\/embed\/#?secret=L6lcVlwnNI\" width=\"600\" height=\"338\" title=\"\u00ab\u00a0Novembre 2016 &#8211; Le d\u00e9p\u00f4t l\u00e9gal de la KBR : un instrument pour la valorisation et la conservation de l\u2019\u00e9dition belge\u00a0\u00bb &#8212; ABD-BVD\" data-secret=\"L6lcVlwnNI\" frameborder=\"0\" marginwidth=\"0\" marginheight=\"0\" scrolling=\"no\" class=\"wp-embedded-content\"><\/iframe><script type=\"text\/javascript\">\n\/* <![CDATA[ *\/\n\/*! This file is auto-generated *\/\n!function(d,l){\"use strict\";l.querySelector&&d.addEventListener&&\"undefined\"!=typeof URL&&(d.wp=d.wp||{},d.wp.receiveEmbedMessage||(d.wp.receiveEmbedMessage=function(e){var t=e.data;if((t||t.secret||t.message||t.value)&&!\/[^a-zA-Z0-9]\/.test(t.secret)){for(var s,r,n,a=l.querySelectorAll('iframe[data-secret=\"'+t.secret+'\"]'),o=l.querySelectorAll('blockquote[data-secret=\"'+t.secret+'\"]'),c=new RegExp(\"^https?:$\",\"i\"),i=0;i<o.length;i++)o[i].style.display=\"none\";for(i=0;i<a.length;i++)s=a[i],e.source===s.contentWindow&&(s.removeAttribute(\"style\"),\"height\"===t.message?(1e3<(r=parseInt(t.value,10))?r=1e3:~~r<200&&(r=200),s.height=r):\"link\"===t.message&&(r=new URL(s.getAttribute(\"src\")),n=new URL(t.value),c.test(n.protocol))&&n.host===r.host&&l.activeElement===s&&(d.top.location.href=t.value))}},d.addEventListener(\"message\",d.wp.receiveEmbedMessage,!1),l.addEventListener(\"DOMContentLoaded\",function(){for(var e,t,s=l.querySelectorAll(\"iframe.wp-embedded-content\"),r=0;r<s.length;r++)(t=(e=s[r]).getAttribute(\"data-secret\"))||(t=Math.random().toString(36).substring(2,12),e.src+=\"#?secret=\"+t,e.setAttribute(\"data-secret\",t)),e.contentWindow.postMessage({message:\"ready\",secret:t},\"*\")},!1)))}(window,document);\n\/\/# sourceURL=https:\/\/www.abd-bvd.be\/wp-includes\/js\/wp-embed.min.js\n\/* ]]> *\/\n<\/script>\n","description":"Le d\u00e9p\u00f4t l\u00e9gal d\u2019hier et d\u2019aujourd\u2019hui en Belgique par Michel Fincoeur, Coordinateur de la cellule prospection et contr\u00f4le, Biblioh\u00e8que royale de Belgique Le d\u00e9p\u00f4t l\u00e9gal de la Biblioth\u00e8que royale \u00e0 l\u2019heure du num\u00e9rique par\u00a0Sophie Vandepontseele, Directrice op\u00e9rationnelle des Collections contemporaines, Biblioh\u00e8que royale de Belgique T\u00e9l\u00e9charger (NL) Lieu : Biblioth\u00e8que royale de Belgique (KBR)","thumbnail_url":"https:\/\/www.abd-bvd.be\/wp-content\/uploads\/abd-bvd-dm-novembre-2016-001-300x201.jpg"}