{"version":"1.0","provider_name":"ABD-BVD","provider_url":"https:\/\/www.abd-bvd.be\/fr\/","title":"Nouvelle Assembl\u00e9e g\u00e9n\u00e9rale 2016 - ABD-BVD","type":"rich","width":600,"height":338,"html":"<blockquote class=\"wp-embedded-content\" data-secret=\"HsrxGEuovZ\"><a href=\"https:\/\/www.abd-bvd.be\/fr\/agenda\/nouvelle-assemblee-generale-2016\/\">Nouvelle Assembl\u00e9e g\u00e9n\u00e9rale 2016<\/a><\/blockquote><iframe sandbox=\"allow-scripts\" security=\"restricted\" src=\"https:\/\/www.abd-bvd.be\/fr\/agenda\/nouvelle-assemblee-generale-2016\/embed\/#?secret=HsrxGEuovZ\" width=\"600\" height=\"338\" title=\"\u00ab\u00a0Nouvelle Assembl\u00e9e g\u00e9n\u00e9rale 2016\u00a0\u00bb &#8212; ABD-BVD\" data-secret=\"HsrxGEuovZ\" frameborder=\"0\" marginwidth=\"0\" marginheight=\"0\" scrolling=\"no\" class=\"wp-embedded-content\"><\/iframe><script type=\"text\/javascript\">\n\/* <![CDATA[ *\/\n\/*! This file is auto-generated *\/\n!function(d,l){\"use strict\";l.querySelector&&d.addEventListener&&\"undefined\"!=typeof URL&&(d.wp=d.wp||{},d.wp.receiveEmbedMessage||(d.wp.receiveEmbedMessage=function(e){var t=e.data;if((t||t.secret||t.message||t.value)&&!\/[^a-zA-Z0-9]\/.test(t.secret)){for(var s,r,n,a=l.querySelectorAll('iframe[data-secret=\"'+t.secret+'\"]'),o=l.querySelectorAll('blockquote[data-secret=\"'+t.secret+'\"]'),c=new RegExp(\"^https?:$\",\"i\"),i=0;i<o.length;i++)o[i].style.display=\"none\";for(i=0;i<a.length;i++)s=a[i],e.source===s.contentWindow&&(s.removeAttribute(\"style\"),\"height\"===t.message?(1e3<(r=parseInt(t.value,10))?r=1e3:~~r<200&&(r=200),s.height=r):\"link\"===t.message&&(r=new URL(s.getAttribute(\"src\")),n=new URL(t.value),c.test(n.protocol))&&n.host===r.host&&l.activeElement===s&&(d.top.location.href=t.value))}},d.addEventListener(\"message\",d.wp.receiveEmbedMessage,!1),l.addEventListener(\"DOMContentLoaded\",function(){for(var e,t,s=l.querySelectorAll(\"iframe.wp-embedded-content\"),r=0;r<s.length;r++)(t=(e=s[r]).getAttribute(\"data-secret\"))||(t=Math.random().toString(36).substring(2,12),e.src+=\"#?secret=\"+t,e.setAttribute(\"data-secret\",t)),e.contentWindow.postMessage({message:\"ready\",secret:t},\"*\")},!1)))}(window,document);\n\/\/# sourceURL=https:\/\/www.abd-bvd.be\/wp-includes\/js\/wp-embed.min.js\n\/* ]]> *\/\n<\/script>\n","description":"Assembl\u00e9e g\u00e9n\u00e9rale \u2013 Mardi 19 avril 2016 (16h30 \u2013 18h30) Suite aux attentats terroristes qui ont frapp\u00e9 la Belgique le 22 mars dernier, l\u2019Assembl\u00e9e g\u00e9n\u00e9rale de l\u2019Association Belge de Documentation a \u00e9t\u00e9 report\u00e9e.\u00a0 D\u00e8s lors, le conseil d&rsquo;administration de l\u2019Association Belge de Documentation a le plaisir de vous inviter \u00e0 l&rsquo;Assembl\u00e9e G\u00e9n\u00e9rale annuelle de notre [&hellip;]"}